{"id":221,"date":"2017-04-16T14:55:11","date_gmt":"2017-04-16T12:55:11","guid":{"rendered":"http:\/\/www.budapestatumanera.com\/?page_id=221"},"modified":"2022-01-18T14:57:12","modified_gmt":"2022-01-18T13:57:12","slug":"que-ver-en-budapest","status":"publish","type":"page","link":"https:\/\/www.budapestatumanera.com\/index.php\/que-ver-en-budapest\/","title":{"rendered":"\u00bfQU\u00c9 VER EN BUDAPEST?"},"content":{"rendered":"<div class=\"fusion-fullwidth fullwidth-box fusion-builder-row-1 nonhundred-percent-fullwidth non-hundred-percent-height-scrolling\" style=\"--awb-background-position:left top;--awb-border-radius-top-left:0px;--awb-border-radius-top-right:0px;--awb-border-radius-bottom-right:0px;--awb-border-radius-bottom-left:0px;--awb-padding-top:20px;--awb-padding-bottom:20px;--awb-border-sizes-top:0px;--awb-border-sizes-bottom:0px;--awb-flex-wrap:wrap;\" ><div class=\"fusion-builder-row fusion-row\"><div class=\"fusion-layout-column fusion_builder_column fusion-builder-column-0 fusion_builder_column_3_4 3_4 fusion-three-fourth fusion-column-first\" style=\"--awb-bg-size:cover;width:74%; margin-right: 4%;\"><div class=\"fusion-column-wrapper fusion-flex-column-wrapper-legacy\"><div class=\"fusion-blog-shortcode fusion-blog-shortcode-1 fusion-blog-archive fusion-blog-layout-large fusion-blog-pagination\"><div class=\"fusion-posts-container fusion-posts-container-pagination fusion-no-meta-info\" data-pages=\"1\"><article id=\"blog-1-post-454\" class=\"fusion-post-large post-454 post type-post status-publish format-standard has-post-thumbnail hentry category-que-ver\">\n\t<style type=\"text\/css\">\n\t\t\n\t\t\n\t\t\n\t\t\n\t\t\t<\/style>\n\n\n\t\t\t<div class=\"fusion-flexslider flexslider fusion-flexslider-loading fusion-post-slideshow\" style=\"\">\n\t\t<ul class=\"slides\">\n\t\t\t\n\t\t\t\t\t\t\t\t\t\t\t\t\t\t<li><div  class=\"fusion-image-wrapper\" aria-haspopup=\"true\">\n\t\t\t\t\t\t\t<a href=\"https:\/\/www.budapestatumanera.com\/index.php\/2019\/03\/14\/9-curiosidades-sobre-el-parlamento-de-budapest\/\" aria-label=\"9 CURIOSIDADES SOBRE EL PARLAMENTO DE BUDAPEST\">\n\t\t\t\t\t\t\t<img decoding=\"async\" width=\"1200\" height=\"732\" src=\"https:\/\/www.budapestatumanera.com\/wp-content\/uploads\/2019\/03\/Budapest_Parliament_4604-e1552573725582.jpg\" class=\"attachment-full size-full wp-post-image\" alt=\"\" \/>\t\t\t<\/a>\n\t\t\t\t\t\t\t<\/div>\n<\/li>\n\t\t\t\n\t\t\t\n\t\t\t\t\t\t\t\t\t\t\t\t\t\t\t\t\t\t\t\t\t\t\t\t\t\t\t\t\t\t\t\t\t\t\t\t\t\t\t\t\t\t\t\t\t\t\t\t\t\t\t\t\t\t\t\t\t\t\t\t\t\t\t\t\t\t\t\t<\/ul>\n\t<\/div>\n\t<div class=\"fusion-post-content post-content\"><h2 class=\"blog-shortcode-post-title entry-title\"><a href=\"https:\/\/www.budapestatumanera.com\/index.php\/2019\/03\/14\/9-curiosidades-sobre-el-parlamento-de-budapest\/\">9 CURIOSIDADES SOBRE EL PARLAMENTO DE BUDAPEST<\/a><\/h2><div class=\"fusion-post-content-container\"><p>El Parlamento de Budapest es uno de los edificios m\u00e1s emblem\u00e1ticos de la ciudad, un destino obligatorio de los turistas extranjeros y quiz\u00e1 el tema m\u00e1s popular de sus fotos. Aqu\u00ed os contaremos algunas curiosidades [...]<\/p><\/div><\/div><div class=\"fusion-clearfix\"><\/div><\/article>\n<article id=\"blog-1-post-425\" class=\"fusion-post-large post-425 post type-post status-publish format-standard has-post-thumbnail hentry category-que-ver\">\n\t<style type=\"text\/css\">\n\t\t\n\t\t\n\t\t\n\t\t\n\t\t\t<\/style>\n\n\n\t\t\t<div class=\"fusion-flexslider flexslider fusion-flexslider-loading fusion-post-slideshow\" style=\"\">\n\t\t<ul class=\"slides\">\n\t\t\t\n\t\t\t\t\t\t\t\t\t\t\t\t\t\t<li><div  class=\"fusion-image-wrapper\" aria-haspopup=\"true\">\n\t\t\t\t\t\t\t<a href=\"https:\/\/www.budapestatumanera.com\/index.php\/2019\/03\/05\/donde-comer-en-budapest\/\" aria-label=\"\u00bfD\u00d3NDE COMER EN BUDAPEST?\">\n\t\t\t\t\t\t\t<img decoding=\"async\" width=\"1200\" height=\"675\" src=\"https:\/\/www.budapestatumanera.com\/wp-content\/uploads\/2019\/03\/20190226_132043-e1552573922912.jpg\" class=\"attachment-full size-full wp-post-image\" alt=\"\" \/>\t\t\t<\/a>\n\t\t\t\t\t\t\t<\/div>\n<\/li>\n\t\t\t\n\t\t\t\n\t\t\t\t\t\t\t\t\t\t\t\t\t\t\t\t\t\t\t\t\t\t\t\t\t\t\t\t\t\t\t\t\t\t\t\t\t\t\t\t\t\t\t\t\t\t\t\t\t\t\t\t\t\t\t\t\t\t\t\t\t\t\t\t\t\t\t\t<\/ul>\n\t<\/div>\n\t<div class=\"fusion-post-content post-content\"><h2 class=\"blog-shortcode-post-title entry-title\"><a href=\"https:\/\/www.budapestatumanera.com\/index.php\/2019\/03\/05\/donde-comer-en-budapest\/\">\u00bfD\u00d3NDE COMER EN BUDAPEST?<\/a><\/h2><div class=\"fusion-post-content-container\"><p>Comer en Budapest\u00a0es, por lo general, una aut\u00e9ntica delicia,\u00a0pero hay que escoger bien el sitio para no llevarnos un chasco. En este post te ayudaremos con algunas sugerencias. La verdad es que resulta muy dif\u00edcil [...]<\/p><\/div><\/div><div class=\"fusion-clearfix\"><\/div><\/article>\n<article id=\"blog-1-post-413\" class=\"fusion-post-large post-413 post type-post status-publish format-standard has-post-thumbnail hentry category-que-ver\">\n\t<style type=\"text\/css\">\n\t\t\n\t\t\n\t\t\n\t\t\n\t\t\t<\/style>\n\n\n\t\t\t<div class=\"fusion-flexslider flexslider fusion-flexslider-loading fusion-post-slideshow\" style=\"\">\n\t\t<ul class=\"slides\">\n\t\t\t\n\t\t\t\t\t\t\t\t\t\t\t\t\t\t<li><div  class=\"fusion-image-wrapper\" aria-haspopup=\"true\">\n\t\t\t\t\t\t\t<a href=\"https:\/\/www.budapestatumanera.com\/index.php\/2019\/02\/11\/9-ideas-para-pasar-unos-dias-de-invierno-en-budapest\/\" aria-label=\"9 IDEAS PARA PASAR UNOS D\u00cdAS DE INVIERNO EN BUDAPEST\">\n\t\t\t\t\t\t\t<img decoding=\"async\" width=\"1500\" height=\"844\" src=\"https:\/\/www.budapestatumanera.com\/wp-content\/uploads\/2019\/02\/20190127_131303-e1549885310345.jpg\" class=\"attachment-full size-full wp-post-image\" alt=\"\" \/>\t\t\t<\/a>\n\t\t\t\t\t\t\t<\/div>\n<\/li>\n\t\t\t\n\t\t\t\n\t\t\t\t\t\t\t\t\t\t\t\t\t\t\t\t\t\t\t\t\t\t\t\t\t\t\t\t\t\t\t\t\t\t\t\t\t\t\t\t\t\t\t\t\t\t\t\t\t\t\t\t\t\t\t\t\t\t\t\t\t\t\t\t\t\t\t\t<\/ul>\n\t<\/div>\n\t<div class=\"fusion-post-content post-content\"><h2 class=\"blog-shortcode-post-title entry-title\"><a href=\"https:\/\/www.budapestatumanera.com\/index.php\/2019\/02\/11\/9-ideas-para-pasar-unos-dias-de-invierno-en-budapest\/\">9 IDEAS PARA PASAR UNOS D\u00cdAS DE INVIERNO EN BUDAPEST<\/a><\/h2><div class=\"fusion-post-content-container\"><p> Patina sobre hielo en el Parque Muncipial Tras tu visita al castillo de Vajdahunyad en el Parque Municipal, alquila un par de patines y l\u00e1nzate a la pista de hielo m\u00e1s grande de la [...]<\/p><\/div><\/div><div class=\"fusion-clearfix\"><\/div><\/article>\n<article id=\"blog-1-post-391\" class=\"fusion-post-large post-391 post type-post status-publish format-standard has-post-thumbnail hentry category-que-ver\">\n\t<style type=\"text\/css\">\n\t\t\n\t\t\n\t\t\n\t\t\n\t\t\t<\/style>\n\n\n\t\t\t<div class=\"fusion-flexslider flexslider fusion-flexslider-loading fusion-post-slideshow\" style=\"\">\n\t\t<ul class=\"slides\">\n\t\t\t\n\t\t\t\t\t\t\t\t\t\t\t\t\t\t<li><div  class=\"fusion-image-wrapper\" aria-haspopup=\"true\">\n\t\t\t\t\t\t\t<a href=\"https:\/\/www.budapestatumanera.com\/index.php\/2019\/02\/06\/que-ver-en-budapest-el-mercado-central\/\" aria-label=\"EL MERCADO CENTRAL DE BUDAPEST\">\n\t\t\t\t\t\t\t<img decoding=\"async\" width=\"1024\" height=\"683\" src=\"https:\/\/www.budapestatumanera.com\/wp-content\/uploads\/2019\/02\/mercado8.jpg\" class=\"attachment-full size-full wp-post-image\" alt=\"\" \/>\t\t\t<\/a>\n\t\t\t\t\t\t\t<\/div>\n<\/li>\n\t\t\t\n\t\t\t\n\t\t\t\t\t\t\t\t\t\t\t\t\t\t\t\t\t\t\t\t\t\t\t\t\t\t\t\t\t\t\t\t\t\t\t\t\t\t\t\t\t\t\t\t\t\t\t\t\t\t\t\t\t\t\t\t\t\t\t\t\t\t\t\t\t\t\t\t<\/ul>\n\t<\/div>\n\t<div class=\"fusion-post-content post-content\"><h2 class=\"blog-shortcode-post-title entry-title\"><a href=\"https:\/\/www.budapestatumanera.com\/index.php\/2019\/02\/06\/que-ver-en-budapest-el-mercado-central\/\">EL MERCADO CENTRAL DE BUDAPEST<\/a><\/h2><div class=\"fusion-post-content-container\"><p>Inaugurado en 1897, el Mercado Central de Budapest sigue siendo uno de los mercados m\u00e1s importantes de la ciudad, donde padres de familia, se\u00f1oras ancianas y j\u00f3venes parejas hacen sus compras de fin de semana. [...]<\/p><\/div><\/div><div class=\"fusion-clearfix\"><\/div><\/article>\n<article id=\"blog-1-post-321\" class=\"fusion-post-large post-321 post type-post status-publish format-standard has-post-thumbnail hentry category-que-ver\">\n\t<style type=\"text\/css\">\n\t\t\n\t\t\n\t\t\n\t\t\n\t\t\t<\/style>\n\n\n\t\t\t<div class=\"fusion-flexslider flexslider fusion-flexslider-loading fusion-post-slideshow\" style=\"\">\n\t\t<ul class=\"slides\">\n\t\t\t\n\t\t\t\t\t\t\t\t\t\t\t\t\t\t<li><div  class=\"fusion-image-wrapper\" aria-haspopup=\"true\">\n\t\t\t\t\t\t\t<a href=\"https:\/\/www.budapestatumanera.com\/index.php\/2017\/08\/23\/un-lugar-donde-el-tiempo-se-ha-detenido-el-mercadillo-de-la-calle-ecseri\/\" aria-label=\"\u00bfQU\u00c9 VER EN BUDAPEST? EL MERCADILLO DE LA CALLE ECSERI\">\n\t\t\t\t\t\t\t<img decoding=\"async\" width=\"3264\" height=\"1836\" src=\"https:\/\/www.budapestatumanera.com\/wp-content\/uploads\/2017\/08\/20170812_124348-e1503466251206.jpg\" class=\"attachment-full size-full wp-post-image\" alt=\"\" \/>\t\t\t<\/a>\n\t\t\t\t\t\t\t<\/div>\n<\/li>\n\t\t\t\n\t\t\t\n\t\t\t\t\t\t\t\t\t\t\t\t\t\t\t\t\t\t\t\t\t\t\t\t\t\t\t\t\t\t\t\t\t\t\t\t\t\t\t\t\t\t\t\t\t\t\t\t\t\t\t\t\t\t\t\t\t\t\t\t\t\t\t\t\t\t\t\t<\/ul>\n\t<\/div>\n\t<div class=\"fusion-post-content post-content\"><h2 class=\"blog-shortcode-post-title entry-title\"><a href=\"https:\/\/www.budapestatumanera.com\/index.php\/2017\/08\/23\/un-lugar-donde-el-tiempo-se-ha-detenido-el-mercadillo-de-la-calle-ecseri\/\">\u00bfQU\u00c9 VER EN BUDAPEST? EL MERCADILLO DE LA CALLE ECSERI<\/a><\/h2><div class=\"fusion-post-content-container\"><p> El s\u00e1bado pasado decidimos volver a visitar, despu\u00e9s de mucho tiempo, uno de los lugares m\u00e1s freak de Budapest, el mercado de pulgas de Ecseri. Y alucinamos: fue un aut\u00e9ntico regreso al pasado, sin [...]<\/p><\/div><\/div><div class=\"fusion-clearfix\"><\/div><\/article>\n<article id=\"blog-1-post-318\" class=\"fusion-post-large post-318 post type-post status-publish format-standard hentry category-que-ver\">\n\t<style type=\"text\/css\">\n\t\t\n\t\t\n\t\t\n\t\t\n\t\t\t<\/style>\n\n\n<div class=\"fusion-post-content post-content\"><h2 class=\"blog-shortcode-post-title entry-title\"><a href=\"https:\/\/www.budapestatumanera.com\/index.php\/2017\/08\/11\/que-hacer-en-budapest-en-agosto\/\">\u00bfQU\u00c9 HACER EN BUDAPEST EN AGOSTO?<\/a><\/h2><div class=\"fusion-post-content-container\"><p>Te podemos asegurar que no te vas a aburrir. Vamos al grano: 1. El evento musical m\u00e1s internacional de Budapest: el festival Sziget, entre el 9 y el 16 de agosto. Este festival musical comenz\u00f3 [...]<\/p><\/div><\/div><div class=\"fusion-clearfix\"><\/div><\/article>\n<article id=\"blog-1-post-304\" class=\"fusion-post-large post-304 post type-post status-publish format-standard has-post-thumbnail hentry category-que-ver\">\n\t<style type=\"text\/css\">\n\t\t\n\t\t\n\t\t\n\t\t\n\t\t\t<\/style>\n\n\n\t\t\t<div class=\"fusion-flexslider flexslider fusion-flexslider-loading fusion-post-slideshow\" style=\"\">\n\t\t<ul class=\"slides\">\n\t\t\t\n\t\t\t\t\t\t\t\t\t\t\t\t\t\t<li><div  class=\"fusion-image-wrapper\" aria-haspopup=\"true\">\n\t\t\t\t\t\t\t<a href=\"https:\/\/www.budapestatumanera.com\/index.php\/2017\/08\/10\/que-hacer-en-budapest-en-julio-10-ideas\/\" aria-label=\"\u00bfQU\u00c9 HACER EN BUDAPEST EN JULIO? 10 IDEAS\">\n\t\t\t\t\t\t\t<img decoding=\"async\" width=\"5312\" height=\"2988\" src=\"https:\/\/www.budapestatumanera.com\/wp-content\/uploads\/2017\/06\/20170526_172716-e1498148689691.jpg\" class=\"attachment-full size-full wp-post-image\" alt=\"\" \/>\t\t\t<\/a>\n\t\t\t\t\t\t\t<\/div>\n<\/li>\n\t\t\t\n\t\t\t\n\t\t\t\t\t\t\t\t\t\t\t\t\t\t\t\t\t\t\t\t\t\t\t\t\t\t\t\t\t\t\t\t\t\t\t\t\t\t\t\t\t\t\t\t\t\t\t\t\t\t\t\t\t\t\t\t\t\t\t\t\t\t\t\t\t\t\t\t<\/ul>\n\t<\/div>\n\t<div class=\"fusion-post-content post-content\"><h2 class=\"blog-shortcode-post-title entry-title\"><a href=\"https:\/\/www.budapestatumanera.com\/index.php\/2017\/08\/10\/que-hacer-en-budapest-en-julio-10-ideas\/\">\u00bfQU\u00c9 HACER EN BUDAPEST EN JULIO? 10 IDEAS<\/a><\/h2><div class=\"fusion-post-content-container\"><p>1. Tras el inesperado \u00e9xito del a\u00f1o pasado, el puente de la Libertad se cerrar\u00e1 al tr\u00e1fico tambi\u00e9n este verano durante los fines de semana. El proyecto empez\u00f3 hace un a\u00f1o como una ocupaci\u00f3n espont\u00e1nea [...]<\/p><\/div><\/div><div class=\"fusion-clearfix\"><\/div><\/article>\n<article id=\"blog-1-post-284\" class=\"fusion-post-large post-284 post type-post status-publish format-standard has-post-thumbnail hentry category-que-ver\">\n\t<style type=\"text\/css\">\n\t\t\n\t\t\n\t\t\n\t\t\n\t\t\t<\/style>\n\n\n\t\t\t<div class=\"fusion-flexslider flexslider fusion-flexslider-loading fusion-post-slideshow\" style=\"\">\n\t\t<ul class=\"slides\">\n\t\t\t\n\t\t\t\t\t\t\t\t\t\t\t\t\t\t<li><div  class=\"fusion-image-wrapper\" aria-haspopup=\"true\">\n\t\t\t\t\t\t\t<a href=\"https:\/\/www.budapestatumanera.com\/index.php\/2017\/05\/15\/10-ideas-para-pasar-un-dia-de-primavera-en-budapest\/\" aria-label=\"10 IDEAS PARA PASAR UN D\u00cdA DE PRIMAVERA EN BUDAPEST\">\n\t\t\t\t\t\t\t<img decoding=\"async\" width=\"800\" height=\"452\" src=\"https:\/\/www.budapestatumanera.com\/wp-content\/uploads\/2017\/05\/kertem.jpg\" class=\"attachment-full size-full wp-post-image\" alt=\"\" \/>\t\t\t<\/a>\n\t\t\t\t\t\t\t<\/div>\n<\/li>\n\t\t\t\n\t\t\t\n\t\t\t\t\t\t\t\t\t\t\t\t\t\t\t\t\t\t\t\t\t\t\t\t\t\t\t\t\t\t\t\t\t\t\t\t\t\t\t\t\t\t\t\t\t\t\t\t\t\t\t\t\t\t\t\t\t\t\t\t\t\t\t\t\t\t\t\t<\/ul>\n\t<\/div>\n\t<div class=\"fusion-post-content post-content\"><h2 class=\"blog-shortcode-post-title entry-title\"><a href=\"https:\/\/www.budapestatumanera.com\/index.php\/2017\/05\/15\/10-ideas-para-pasar-un-dia-de-primavera-en-budapest\/\">10 IDEAS PARA PASAR UN D\u00cdA DE PRIMAVERA EN BUDAPEST<\/a><\/h2><div class=\"fusion-post-content-container\"><p>1. Las terrazas se est\u00e1n abriendo. Te recomendamos visitar Kertem, en pleno Parque Municipal. Lugar favorito de ciclistas y de los amantes de los burgers balc\u00e1nicos. https:\/\/www.facebook.com\/kertemfesztival\/   2. Cruza el Puente de la [...]<\/p><\/div><\/div><div class=\"fusion-clearfix\"><\/div><\/article>\n<article id=\"blog-1-post-280\" class=\"fusion-post-large post-280 post type-post status-publish format-standard has-post-thumbnail hentry category-que-ver\">\n\t<style type=\"text\/css\">\n\t\t\n\t\t\n\t\t\n\t\t\n\t\t\t<\/style>\n\n\n\t\t\t<div class=\"fusion-flexslider flexslider fusion-flexslider-loading fusion-post-slideshow\" style=\"\">\n\t\t<ul class=\"slides\">\n\t\t\t\n\t\t\t\t\t\t\t\t\t\t\t\t\t\t<li><div  class=\"fusion-image-wrapper\" aria-haspopup=\"true\">\n\t\t\t\t\t\t\t<a href=\"https:\/\/www.budapestatumanera.com\/index.php\/2017\/05\/09\/280\/\" aria-label=\"\u00bfQU\u00c9 HACER EN BUDAPEST EN MAYO?\">\n\t\t\t\t\t\t\t<img decoding=\"async\" width=\"720\" height=\"478\" src=\"https:\/\/www.budapestatumanera.com\/wp-content\/uploads\/2017\/05\/maja.jpg\" class=\"attachment-full size-full wp-post-image\" alt=\"\" \/>\t\t\t<\/a>\n\t\t\t\t\t\t\t<\/div>\n<\/li>\n\t\t\t\n\t\t\t\n\t\t\t\t\t\t\t\t\t\t\t\t\t\t\t\t\t\t\t\t\t\t\t\t\t\t\t\t\t\t\t\t\t\t\t\t\t\t\t\t\t\t\t\t\t\t\t\t\t\t\t\t\t\t\t\t\t\t\t\t\t\t\t\t\t\t\t\t<\/ul>\n\t<\/div>\n\t<div class=\"fusion-post-content post-content\"><h2 class=\"blog-shortcode-post-title entry-title\"><a href=\"https:\/\/www.budapestatumanera.com\/index.php\/2017\/05\/09\/280\/\">\u00bfQU\u00c9 HACER EN BUDAPEST EN MAYO?<\/a><\/h2><div class=\"fusion-post-content-container\"><p>La gente de Budapest dice que mayo es el mes m\u00e1s espectacular en la ciudad. El Danubio refleja la frescura del verde de las colinas de Buda, y Pest est\u00e1 m\u00e1s lleno de vida que [...]<\/p><\/div><\/div><div class=\"fusion-clearfix\"><\/div><\/article>\n<article id=\"blog-1-post-228\" class=\"fusion-post-large post-228 post type-post status-publish format-standard hentry category-que-ver\">\n\t<style type=\"text\/css\">\n\t\t\n\t\t\n\t\t\n\t\t\n\t\t\t<\/style>\n\n\n<div class=\"fusion-post-content post-content\"><h2 class=\"blog-shortcode-post-title entry-title\"><a href=\"https:\/\/www.budapestatumanera.com\/index.php\/2017\/04\/16\/que-hacer-en-budapest-en-abril\/\">\u00bfQU\u00c9 HACER EN BUDAPEST EN ABRIL?<\/a><\/h2><div class=\"fusion-post-content-container\"><p>Por fin comienza la primavera. Arbil y mayo son los meses m\u00e1s bonitos en esta ciudad, con espectaculares \u00e1rboles en flor y el Danubio ba\u00f1ado en sol. Este a\u00f1o, como siempre, nos espera un abril [...]<\/p><\/div><\/div><div class=\"fusion-clearfix\"><\/div><\/article>\n<\/div><\/div><div class=\"fusion-clearfix\"><\/div><\/div><\/div><div class=\"fusion-layout-column fusion_builder_column fusion-builder-column-1 fusion_builder_column_1_4 1_4 fusion-one-fourth fusion-column-last\" style=\"--awb-bg-size:cover;width:22%;\"><div class=\"fusion-column-wrapper fusion-flex-column-wrapper-legacy\">\t\t<div id=\"sbi_mod_error\" >\n\t\t\t<span>This error message is only visible to WordPress admins<\/span><br \/>\n\t\t\t<p><strong>Error: No feed found.<\/strong>\n\t\t\t<p>Please go to the Instagram Feed settings page to create a feed.<\/p>\n\t\t<\/div>\n\t\t<div class=\"fusion-clearfix\"><\/div><\/div><\/div><\/div><\/div>\n","protected":false},"excerpt":{"rendered":"","protected":false},"author":1,"featured_media":0,"parent":0,"menu_order":0,"comment_status":"closed","ping_status":"closed","template":"100-width.php","meta":{"footnotes":""},"class_list":["post-221","page","type-page","status-publish","hentry"],"yoast_head":"<!-- This site is optimized with the Yoast SEO plugin v23.3 - https:\/\/yoast.com\/wordpress\/plugins\/seo\/ -->\n<title>\u00bfQU\u00c9 VER EN BUDAPEST? | Budapest a tu manera<\/title>\n<meta name=\"description\" content=\"\u00bfQu\u00e9 ver en Budapest? Aqu\u00ed te hacemos sugerencias, te presentamos monumentos famosos, te indicamos sitios y actividades de inter\u00e9s. Entra en nuestro blog.\" \/>\n<meta name=\"robots\" content=\"index, follow, max-snippet:-1, max-image-preview:large, max-video-preview:-1\" \/>\n<link rel=\"canonical\" href=\"https:\/\/www.budapestatumanera.com\/index.php\/que-ver-en-budapest\/\" \/>\n<meta property=\"og:locale\" content=\"hu_HU\" \/>\n<meta property=\"og:type\" content=\"article\" \/>\n<meta property=\"og:title\" content=\"\u00bfQU\u00c9 VER EN BUDAPEST? | Budapest a tu manera\" \/>\n<meta property=\"og:description\" content=\"\u00bfQu\u00e9 ver en Budapest? Aqu\u00ed te hacemos sugerencias, te presentamos monumentos famosos, te indicamos sitios y actividades de inter\u00e9s. Entra en nuestro blog.\" \/>\n<meta property=\"og:url\" content=\"https:\/\/www.budapestatumanera.com\/index.php\/que-ver-en-budapest\/\" \/>\n<meta property=\"og:site_name\" content=\"Budapest a tu manera\" \/>\n<meta property=\"article:modified_time\" content=\"2022-01-18T13:57:12+00:00\" \/>\n<meta name=\"twitter:card\" content=\"summary_large_image\" \/>\n<meta name=\"twitter:label1\" content=\"Becs\u00fclt olvas\u00e1si id\u0151\" \/>\n\t<meta name=\"twitter:data1\" content=\"1 perc\" \/>\n<script type=\"application\/ld+json\" class=\"yoast-schema-graph\">{\"@context\":\"https:\/\/schema.org\",\"@graph\":[{\"@type\":\"WebPage\",\"@id\":\"https:\/\/www.budapestatumanera.com\/index.php\/que-ver-en-budapest\/\",\"url\":\"https:\/\/www.budapestatumanera.com\/index.php\/que-ver-en-budapest\/\",\"name\":\"\u00bfQU\u00c9 VER EN BUDAPEST? | Budapest a tu manera\",\"isPartOf\":{\"@id\":\"https:\/\/www.budapestatumanera.com\/#website\"},\"datePublished\":\"2017-04-16T12:55:11+00:00\",\"dateModified\":\"2022-01-18T13:57:12+00:00\",\"description\":\"\u00bfQu\u00e9 ver en Budapest? Aqu\u00ed te hacemos sugerencias, te presentamos monumentos famosos, te indicamos sitios y actividades de inter\u00e9s. Entra en nuestro blog.\",\"breadcrumb\":{\"@id\":\"https:\/\/www.budapestatumanera.com\/index.php\/que-ver-en-budapest\/#breadcrumb\"},\"inLanguage\":\"hu\",\"potentialAction\":[{\"@type\":\"ReadAction\",\"target\":[\"https:\/\/www.budapestatumanera.com\/index.php\/que-ver-en-budapest\/\"]}]},{\"@type\":\"BreadcrumbList\",\"@id\":\"https:\/\/www.budapestatumanera.com\/index.php\/que-ver-en-budapest\/#breadcrumb\",\"itemListElement\":[{\"@type\":\"ListItem\",\"position\":1,\"name\":\"Home\",\"item\":\"https:\/\/www.budapestatumanera.com\/\"},{\"@type\":\"ListItem\",\"position\":2,\"name\":\"\u00bfQU\u00c9 VER EN BUDAPEST?\"}]},{\"@type\":\"WebSite\",\"@id\":\"https:\/\/www.budapestatumanera.com\/#website\",\"url\":\"https:\/\/www.budapestatumanera.com\/\",\"name\":\"Budapest a tu manera\",\"description\":\"Budapest a tu manera | Vive Budapest como un local\",\"potentialAction\":[{\"@type\":\"SearchAction\",\"target\":{\"@type\":\"EntryPoint\",\"urlTemplate\":\"https:\/\/www.budapestatumanera.com\/?s={search_term_string}\"},\"query-input\":\"required name=search_term_string\"}],\"inLanguage\":\"hu\"}]}<\/script>\n<!-- \/ Yoast SEO plugin. -->","yoast_head_json":{"title":"\u00bfQU\u00c9 VER EN BUDAPEST? | Budapest a tu manera","description":"\u00bfQu\u00e9 ver en Budapest? Aqu\u00ed te hacemos sugerencias, te presentamos monumentos famosos, te indicamos sitios y actividades de inter\u00e9s. Entra en nuestro blog.","robots":{"index":"index","follow":"follow","max-snippet":"max-snippet:-1","max-image-preview":"max-image-preview:large","max-video-preview":"max-video-preview:-1"},"canonical":"https:\/\/www.budapestatumanera.com\/index.php\/que-ver-en-budapest\/","og_locale":"hu_HU","og_type":"article","og_title":"\u00bfQU\u00c9 VER EN BUDAPEST? | Budapest a tu manera","og_description":"\u00bfQu\u00e9 ver en Budapest? Aqu\u00ed te hacemos sugerencias, te presentamos monumentos famosos, te indicamos sitios y actividades de inter\u00e9s. Entra en nuestro blog.","og_url":"https:\/\/www.budapestatumanera.com\/index.php\/que-ver-en-budapest\/","og_site_name":"Budapest a tu manera","article_modified_time":"2022-01-18T13:57:12+00:00","twitter_card":"summary_large_image","twitter_misc":{"Becs\u00fclt olvas\u00e1si id\u0151":"1 perc"},"schema":{"@context":"https:\/\/schema.org","@graph":[{"@type":"WebPage","@id":"https:\/\/www.budapestatumanera.com\/index.php\/que-ver-en-budapest\/","url":"https:\/\/www.budapestatumanera.com\/index.php\/que-ver-en-budapest\/","name":"\u00bfQU\u00c9 VER EN BUDAPEST? | Budapest a tu manera","isPartOf":{"@id":"https:\/\/www.budapestatumanera.com\/#website"},"datePublished":"2017-04-16T12:55:11+00:00","dateModified":"2022-01-18T13:57:12+00:00","description":"\u00bfQu\u00e9 ver en Budapest? Aqu\u00ed te hacemos sugerencias, te presentamos monumentos famosos, te indicamos sitios y actividades de inter\u00e9s. Entra en nuestro blog.","breadcrumb":{"@id":"https:\/\/www.budapestatumanera.com\/index.php\/que-ver-en-budapest\/#breadcrumb"},"inLanguage":"hu","potentialAction":[{"@type":"ReadAction","target":["https:\/\/www.budapestatumanera.com\/index.php\/que-ver-en-budapest\/"]}]},{"@type":"BreadcrumbList","@id":"https:\/\/www.budapestatumanera.com\/index.php\/que-ver-en-budapest\/#breadcrumb","itemListElement":[{"@type":"ListItem","position":1,"name":"Home","item":"https:\/\/www.budapestatumanera.com\/"},{"@type":"ListItem","position":2,"name":"\u00bfQU\u00c9 VER EN BUDAPEST?"}]},{"@type":"WebSite","@id":"https:\/\/www.budapestatumanera.com\/#website","url":"https:\/\/www.budapestatumanera.com\/","name":"Budapest a tu manera","description":"Budapest a tu manera | Vive Budapest como un local","potentialAction":[{"@type":"SearchAction","target":{"@type":"EntryPoint","urlTemplate":"https:\/\/www.budapestatumanera.com\/?s={search_term_string}"},"query-input":"required name=search_term_string"}],"inLanguage":"hu"}]}},"_links":{"self":[{"href":"https:\/\/www.budapestatumanera.com\/index.php\/wp-json\/wp\/v2\/pages\/221"}],"collection":[{"href":"https:\/\/www.budapestatumanera.com\/index.php\/wp-json\/wp\/v2\/pages"}],"about":[{"href":"https:\/\/www.budapestatumanera.com\/index.php\/wp-json\/wp\/v2\/types\/page"}],"author":[{"embeddable":true,"href":"https:\/\/www.budapestatumanera.com\/index.php\/wp-json\/wp\/v2\/users\/1"}],"replies":[{"embeddable":true,"href":"https:\/\/www.budapestatumanera.com\/index.php\/wp-json\/wp\/v2\/comments?post=221"}],"version-history":[{"count":17,"href":"https:\/\/www.budapestatumanera.com\/index.php\/wp-json\/wp\/v2\/pages\/221\/revisions"}],"predecessor-version":[{"id":561,"href":"https:\/\/www.budapestatumanera.com\/index.php\/wp-json\/wp\/v2\/pages\/221\/revisions\/561"}],"wp:attachment":[{"href":"https:\/\/www.budapestatumanera.com\/index.php\/wp-json\/wp\/v2\/media?parent=221"}],"curies":[{"name":"wp","href":"https:\/\/api.w.org\/{rel}","templated":true}]}}